{"id":4234,"date":"2024-09-13T11:39:37","date_gmt":"2024-09-13T11:39:37","guid":{"rendered":"https:\/\/www.niemisofa.ee\/?post_type=al_product&#038;p=4234"},"modified":"2025-08-15T07:53:27","modified_gmt":"2025-08-15T07:53:27","slug":"isla-keinutuoli-korkea-selkanoja","status":"publish","type":"al_product","link":"https:\/\/www.niemisofa.ee\/et\/tuotteet\/isla-keinutuoli-korkea-selkanoja\/","title":{"rendered":"ISLA kiiktool k\u00f5rge seljatugi"},"content":{"rendered":"<p><br>Isla kiiktoolil on k\u00f5rge seljatugi ja toekas polster, mis annab hea toe istumisel ja aitab p\u00fcsti t\u00f5usmisel. Kiikumine on m\u00f5\u00f5dukas ja ohutu.<\/p>\r\n\r\n\r\n\r\n<p><br>Kiiktoolil on k\u00e4etugedel kulumisele vastupidavad kohad. K\u00f5ik pinnamaterjalid on kergesti puhastatavad p\u00fchkides.<br>Istmetele ja seljapatjadele on v\u00f5imalik valida riidest katete alla vedelikukindel sisekate, samuti vahetuseks lisakatted.<br>Isla mudelitele on saadaval mitmesugused lisad, mida saab eraldi tellida.<br>Kattekangast saab valida mitme kanga ja v\u00e4rvi vahel.<\/p>\r\n\r\n\r\n\r\n<p><br>Isla pehme m\u00f6\u00f6bel on tuleohutu ja testitud vastavalt standardile EN 16139:2013. Isla m\u00f6\u00f6blisari vastab avalikus ruumis kasutatava standardi ohutus-, tugevus- ja vastupidavusn\u00f5uetele.<\/p>","protected":false},"excerpt":{"rendered":"<p>Isla-keinutuolissa on korkea selk\u00e4noja ja j\u00e4m\u00e4kk\u00e4 pehmuste, joka antaa hyv\u00e4n tuen istuessa sek\u00e4 auttaa nousemisessa. Keinumisliike on maltillinen ja turvallinen. Keinutuolissa on kulutusta kest\u00e4v\u00e4t paikat k\u00e4sinojissa. Kaikki pintamateriaalit helposti pyyhkim\u00e4ll\u00e4 puhdistettavia.Istuimiin ja selk\u00e4tyynyihin on mahdollista valita kangasp\u00e4\u00e4llisten alle nestetiivis sis\u00e4p\u00e4\u00e4llinen sek\u00e4 lis\u00e4p\u00e4\u00e4lliset vaihtoa varten.Isla-malleissa on erilaisia \u200b\u200blis\u00e4varusteita, jotka voidaan tilata erikseen.P\u00e4\u00e4llyskangas voidaan valita useista kankaista [&hellip;]<\/p>\n","protected":false},"featured_media":4235,"template":"","al_product-cat":[264],"class_list":["post-4234","al_product","type-al_product","status-publish","has-post-thumbnail","hentry","al_product-cat-hoivakodit"],"acf":[],"yoast_head":"<!-- This site is optimized with the Yoast SEO plugin v27.0 - https:\/\/yoast.com\/product\/yoast-seo-wordpress\/ -->\n<title>ISLA-keinutuoli korkea selk\u00e4noja - Niemi Sofa<\/title>\n<meta name=\"robots\" content=\"index, follow, max-snippet:-1, max-image-preview:large, max-video-preview:-1\" \/>\n<link rel=\"canonical\" href=\"https:\/\/www.niemisofa.ee\/et\/tuotteet\/isla-keinutuoli-korkea-selkanoja\/\" \/>\n<meta property=\"og:locale\" content=\"et_EE\" \/>\n<meta property=\"og:type\" content=\"article\" \/>\n<meta property=\"og:title\" content=\"ISLA-keinutuoli korkea selk\u00e4noja - Niemi Sofa\" \/>\n<meta property=\"og:description\" content=\"Isla-keinutuolissa on korkea selk\u00e4noja ja j\u00e4m\u00e4kk\u00e4 pehmuste, joka antaa hyv\u00e4n tuen istuessa sek\u00e4 auttaa nousemisessa. Keinumisliike on maltillinen ja turvallinen. Keinutuolissa on kulutusta kest\u00e4v\u00e4t paikat k\u00e4sinojissa. Kaikki pintamateriaalit helposti pyyhkim\u00e4ll\u00e4 puhdistettavia.Istuimiin ja selk\u00e4tyynyihin on mahdollista valita kangasp\u00e4\u00e4llisten alle nestetiivis sis\u00e4p\u00e4\u00e4llinen sek\u00e4 lis\u00e4p\u00e4\u00e4lliset vaihtoa varten.Isla-malleissa on erilaisia \u200b\u200blis\u00e4varusteita, jotka voidaan tilata erikseen.P\u00e4\u00e4llyskangas voidaan valita useista kankaista [&hellip;]\" \/>\n<meta property=\"og:url\" content=\"https:\/\/www.niemisofa.ee\/et\/tuotteet\/isla-keinutuoli-korkea-selkanoja\/\" \/>\n<meta property=\"og:site_name\" content=\"Niemi Sofa\" \/>\n<meta property=\"article:publisher\" content=\"https:\/\/www.facebook.com\/profile.php?id=61568583511594\" \/>\n<meta property=\"article:modified_time\" content=\"2025-08-15T07:53:27+00:00\" \/>\n<meta property=\"og:image\" content=\"https:\/\/www.niemisofa.ee\/wp-content\/uploads\/2024\/09\/Isla-keinutuoli.jpg\" \/>\n\t<meta property=\"og:image:width\" content=\"1920\" \/>\n\t<meta property=\"og:image:height\" content=\"1280\" \/>\n\t<meta property=\"og:image:type\" content=\"image\/jpeg\" \/>\n<meta name=\"twitter:card\" content=\"summary_large_image\" \/>\n<meta name=\"twitter:label1\" content=\"Est. reading time\" \/>\n\t<meta name=\"twitter:data1\" content=\"1 minut\" \/>\n<script type=\"application\/ld+json\" class=\"yoast-schema-graph\">{\"@context\":\"https:\/\/schema.org\",\"@graph\":[{\"@type\":\"WebPage\",\"@id\":\"https:\/\/www.niemisofa.ee\/tuotteet\/isla-keinutuoli-korkea-selkanoja\/\",\"url\":\"https:\/\/www.niemisofa.ee\/tuotteet\/isla-keinutuoli-korkea-selkanoja\/\",\"name\":\"ISLA-keinutuoli korkea selk\u00e4noja - Niemi Sofa\",\"isPartOf\":{\"@id\":\"https:\/\/www.niemisofa.ee\/#website\"},\"primaryImageOfPage\":{\"@id\":\"https:\/\/www.niemisofa.ee\/tuotteet\/isla-keinutuoli-korkea-selkanoja\/#primaryimage\"},\"image\":{\"@id\":\"https:\/\/www.niemisofa.ee\/tuotteet\/isla-keinutuoli-korkea-selkanoja\/#primaryimage\"},\"thumbnailUrl\":\"https:\/\/www.niemisofa.ee\/wp-content\/uploads\/2024\/09\/Isla-keinutuoli.jpg\",\"datePublished\":\"2024-09-13T11:39:37+00:00\",\"dateModified\":\"2025-08-15T07:53:27+00:00\",\"breadcrumb\":{\"@id\":\"https:\/\/www.niemisofa.ee\/tuotteet\/isla-keinutuoli-korkea-selkanoja\/#breadcrumb\"},\"inLanguage\":\"et\",\"potentialAction\":[{\"@type\":\"ReadAction\",\"target\":[\"https:\/\/www.niemisofa.ee\/tuotteet\/isla-keinutuoli-korkea-selkanoja\/\"]}]},{\"@type\":\"ImageObject\",\"inLanguage\":\"et\",\"@id\":\"https:\/\/www.niemisofa.ee\/tuotteet\/isla-keinutuoli-korkea-selkanoja\/#primaryimage\",\"url\":\"https:\/\/www.niemisofa.ee\/wp-content\/uploads\/2024\/09\/Isla-keinutuoli.jpg\",\"contentUrl\":\"https:\/\/www.niemisofa.ee\/wp-content\/uploads\/2024\/09\/Isla-keinutuoli.jpg\",\"width\":1920,\"height\":1280},{\"@type\":\"BreadcrumbList\",\"@id\":\"https:\/\/www.niemisofa.ee\/tuotteet\/isla-keinutuoli-korkea-selkanoja\/#breadcrumb\",\"itemListElement\":[{\"@type\":\"ListItem\",\"position\":1,\"name\":\"Home\",\"item\":\"https:\/\/www.niemisofa.ee\/\"},{\"@type\":\"ListItem\",\"position\":2,\"name\":\"Products\",\"item\":\"https:\/\/www.niemisofa.ee\/fi\/tuotteet\/\"},{\"@type\":\"ListItem\",\"position\":3,\"name\":\"ISLA-keinutuoli korkea selk\u00e4noja\"}]},{\"@type\":\"WebSite\",\"@id\":\"https:\/\/www.niemisofa.ee\/#website\",\"url\":\"https:\/\/www.niemisofa.ee\/\",\"name\":\"Niemi Sofa\",\"description\":\"Pehme m&ouml;&ouml;bel Eestist!\",\"publisher\":{\"@id\":\"https:\/\/www.niemisofa.ee\/#organization\"},\"potentialAction\":[{\"@type\":\"SearchAction\",\"target\":{\"@type\":\"EntryPoint\",\"urlTemplate\":\"https:\/\/www.niemisofa.ee\/?s={search_term_string}\"},\"query-input\":{\"@type\":\"PropertyValueSpecification\",\"valueRequired\":true,\"valueName\":\"search_term_string\"}}],\"inLanguage\":\"et\"},{\"@type\":\"Organization\",\"@id\":\"https:\/\/www.niemisofa.ee\/#organization\",\"name\":\"Niemi Sofa\",\"url\":\"https:\/\/www.niemisofa.ee\/\",\"logo\":{\"@type\":\"ImageObject\",\"inLanguage\":\"et\",\"@id\":\"https:\/\/www.niemisofa.ee\/#\/schema\/logo\/image\/\",\"url\":\"https:\/\/www.niemisofa.ee\/wp-content\/uploads\/2024\/02\/logo.jpg\",\"contentUrl\":\"https:\/\/www.niemisofa.ee\/wp-content\/uploads\/2024\/02\/logo.jpg\",\"width\":254,\"height\":63,\"caption\":\"Niemi Sofa\"},\"image\":{\"@id\":\"https:\/\/www.niemisofa.ee\/#\/schema\/logo\/image\/\"},\"sameAs\":[\"https:\/\/www.facebook.com\/profile.php?id=61568583511594\",\"https:\/\/www.instagram.com\/niemisofa\/\"]}]}<\/script>\n<!-- \/ Yoast SEO plugin. -->","yoast_head_json":{"title":"ISLA-keinutuoli korkea selk\u00e4noja - Niemi Sofa","robots":{"index":"index","follow":"follow","max-snippet":"max-snippet:-1","max-image-preview":"max-image-preview:large","max-video-preview":"max-video-preview:-1"},"canonical":"https:\/\/www.niemisofa.ee\/et\/tuotteet\/isla-keinutuoli-korkea-selkanoja\/","og_locale":"et_EE","og_type":"article","og_title":"ISLA-keinutuoli korkea selk\u00e4noja - Niemi Sofa","og_description":"Isla-keinutuolissa on korkea selk\u00e4noja ja j\u00e4m\u00e4kk\u00e4 pehmuste, joka antaa hyv\u00e4n tuen istuessa sek\u00e4 auttaa nousemisessa. Keinumisliike on maltillinen ja turvallinen. Keinutuolissa on kulutusta kest\u00e4v\u00e4t paikat k\u00e4sinojissa. Kaikki pintamateriaalit helposti pyyhkim\u00e4ll\u00e4 puhdistettavia.Istuimiin ja selk\u00e4tyynyihin on mahdollista valita kangasp\u00e4\u00e4llisten alle nestetiivis sis\u00e4p\u00e4\u00e4llinen sek\u00e4 lis\u00e4p\u00e4\u00e4lliset vaihtoa varten.Isla-malleissa on erilaisia \u200b\u200blis\u00e4varusteita, jotka voidaan tilata erikseen.P\u00e4\u00e4llyskangas voidaan valita useista kankaista [&hellip;]","og_url":"https:\/\/www.niemisofa.ee\/et\/tuotteet\/isla-keinutuoli-korkea-selkanoja\/","og_site_name":"Niemi Sofa","article_publisher":"https:\/\/www.facebook.com\/profile.php?id=61568583511594","article_modified_time":"2025-08-15T07:53:27+00:00","og_image":[{"width":1920,"height":1280,"url":"https:\/\/www.niemisofa.ee\/wp-content\/uploads\/2024\/09\/Isla-keinutuoli.jpg","type":"image\/jpeg"}],"twitter_card":"summary_large_image","twitter_misc":{"Est. reading time":"1 minut"},"schema":{"@context":"https:\/\/schema.org","@graph":[{"@type":"WebPage","@id":"https:\/\/www.niemisofa.ee\/tuotteet\/isla-keinutuoli-korkea-selkanoja\/","url":"https:\/\/www.niemisofa.ee\/tuotteet\/isla-keinutuoli-korkea-selkanoja\/","name":"ISLA-keinutuoli korkea selk\u00e4noja - Niemi Sofa","isPartOf":{"@id":"https:\/\/www.niemisofa.ee\/#website"},"primaryImageOfPage":{"@id":"https:\/\/www.niemisofa.ee\/tuotteet\/isla-keinutuoli-korkea-selkanoja\/#primaryimage"},"image":{"@id":"https:\/\/www.niemisofa.ee\/tuotteet\/isla-keinutuoli-korkea-selkanoja\/#primaryimage"},"thumbnailUrl":"https:\/\/www.niemisofa.ee\/wp-content\/uploads\/2024\/09\/Isla-keinutuoli.jpg","datePublished":"2024-09-13T11:39:37+00:00","dateModified":"2025-08-15T07:53:27+00:00","breadcrumb":{"@id":"https:\/\/www.niemisofa.ee\/tuotteet\/isla-keinutuoli-korkea-selkanoja\/#breadcrumb"},"inLanguage":"et","potentialAction":[{"@type":"ReadAction","target":["https:\/\/www.niemisofa.ee\/tuotteet\/isla-keinutuoli-korkea-selkanoja\/"]}]},{"@type":"ImageObject","inLanguage":"et","@id":"https:\/\/www.niemisofa.ee\/tuotteet\/isla-keinutuoli-korkea-selkanoja\/#primaryimage","url":"https:\/\/www.niemisofa.ee\/wp-content\/uploads\/2024\/09\/Isla-keinutuoli.jpg","contentUrl":"https:\/\/www.niemisofa.ee\/wp-content\/uploads\/2024\/09\/Isla-keinutuoli.jpg","width":1920,"height":1280},{"@type":"BreadcrumbList","@id":"https:\/\/www.niemisofa.ee\/tuotteet\/isla-keinutuoli-korkea-selkanoja\/#breadcrumb","itemListElement":[{"@type":"ListItem","position":1,"name":"Home","item":"https:\/\/www.niemisofa.ee\/"},{"@type":"ListItem","position":2,"name":"Products","item":"https:\/\/www.niemisofa.ee\/fi\/tuotteet\/"},{"@type":"ListItem","position":3,"name":"ISLA-keinutuoli korkea selk\u00e4noja"}]},{"@type":"WebSite","@id":"https:\/\/www.niemisofa.ee\/#website","url":"https:\/\/www.niemisofa.ee\/","name":"Niemi Sofa","description":"Pehme m\u00f6\u00f6bel Eestist!","publisher":{"@id":"https:\/\/www.niemisofa.ee\/#organization"},"potentialAction":[{"@type":"SearchAction","target":{"@type":"EntryPoint","urlTemplate":"https:\/\/www.niemisofa.ee\/?s={search_term_string}"},"query-input":{"@type":"PropertyValueSpecification","valueRequired":true,"valueName":"search_term_string"}}],"inLanguage":"et"},{"@type":"Organization","@id":"https:\/\/www.niemisofa.ee\/#organization","name":"Niemi Sofa","url":"https:\/\/www.niemisofa.ee\/","logo":{"@type":"ImageObject","inLanguage":"et","@id":"https:\/\/www.niemisofa.ee\/#\/schema\/logo\/image\/","url":"https:\/\/www.niemisofa.ee\/wp-content\/uploads\/2024\/02\/logo.jpg","contentUrl":"https:\/\/www.niemisofa.ee\/wp-content\/uploads\/2024\/02\/logo.jpg","width":254,"height":63,"caption":"Niemi Sofa"},"image":{"@id":"https:\/\/www.niemisofa.ee\/#\/schema\/logo\/image\/"},"sameAs":["https:\/\/www.facebook.com\/profile.php?id=61568583511594","https:\/\/www.instagram.com\/niemisofa\/"]}]}},"_links":{"self":[{"href":"https:\/\/www.niemisofa.ee\/et\/wp-json\/wp\/v2\/al_product\/4234","targetHints":{"allow":["GET"]}}],"collection":[{"href":"https:\/\/www.niemisofa.ee\/et\/wp-json\/wp\/v2\/al_product"}],"about":[{"href":"https:\/\/www.niemisofa.ee\/et\/wp-json\/wp\/v2\/types\/al_product"}],"wp:featuredmedia":[{"embeddable":true,"href":"https:\/\/www.niemisofa.ee\/et\/wp-json\/wp\/v2\/media\/4235"}],"wp:attachment":[{"href":"https:\/\/www.niemisofa.ee\/et\/wp-json\/wp\/v2\/media?parent=4234"}],"wp:term":[{"taxonomy":"al_product-cat","embeddable":true,"href":"https:\/\/www.niemisofa.ee\/et\/wp-json\/wp\/v2\/al_product-cat?post=4234"}],"curies":[{"name":"wp","href":"https:\/\/api.w.org\/{rel}","templated":true}]}}